{"id":4838,"date":"2025-02-03T15:56:36","date_gmt":"2025-02-03T14:56:36","guid":{"rendered":"http:\/\/ple161.poznan.pl\/?page_id=4838"},"modified":"2026-02-01T11:25:54","modified_gmt":"2026-02-01T10:25:54","slug":"deklaracja-dostepnosci","status":"publish","type":"page","link":"https:\/\/ple161.poznan.pl\/?page_id=4838","title":{"rendered":"Deklaracja dost\u0119pno\u015bci"},"content":{"rendered":"\r\n<h2 id=\"a11y-wstep\">Wst\u0119p<\/h2>\r\n<p><span id=\"a11y-podmiot\">Przedszkole nr 161 Ksi\u0119cia Przemys\u0142awa<\/span> w Poznaniu zobowi\u0105zuje si\u0119 zapewni\u0107 dost\u0119pno\u015b\u0107 swojej strony internetowej zgodnie z ustaw\u0105 z dnia 4 kwietnia 2019 r. o dost\u0119pno\u015bci cyfrowej stron internetowych i aplikacji mobilnych podmiot\u00f3w publicznych. O\u015bwiadczenie w sprawie dost\u0119pno\u015bci ma zastosowanie do <a id=\"a11y-url\" href=\"https:\/\/ple161.poznan.pl\/\">internetowej strony Przedszkola nr 161.<\/a><\/p>\r\n\r\n\r\n\r\n<ul>\r\n<li>Data publikacji strony internetowej: <span id=\"a11y-data-publikacja\">2012-10-19<\/span>.<\/li>\r\n<li>Data ostatniej istotnej aktualizacji: <span id=\"a11y-data-aktualizacja\">2024-02-12<\/span>.<\/li>\r\n<li>Data ostatniej istotnej aktualizacji 2025-02-03<\/li>\r\n<li>Data ostatniej istotnej aktualizacji 2026-02-01<\/li>\r\n<li>&nbsp;<\/li>\r\n<\/ul>\r\n<p>Strona internetowa jest <span id=\"a11y-status\">cz\u0119\u015bciowo zgodna<\/span> z ustaw\u0105 z dnia 4 kwietnia 2019 r. o dost\u0119pno\u015bci cyfrowej stron internetowych i aplikacji mobilnych podmiot\u00f3w publicznych z powodu niezgodno\u015bci lub wy\u0142\u0105cze\u0144 wymienionych poni\u017cej:<\/p>\r\n\r\n\r\n\r\n<ul class=\"wp-block-list\">\r\n<li>brak opublikowanej cyfrowo mapy serwisu,<\/li>\r\n<li>cz\u0119\u015b\u0107 plik\u00f3w nie jest dost\u0119pnych cyfrowo,<\/li>\r\n<li>brak odpowiedniej struktury nag\u0142\u00f3wkowej artyku\u0142\u00f3w,<\/li>\r\n<li>niekt\u00f3re tre\u015bci zosta\u0142y opublikowane w serwisie z wykresami w postaci graficznej,<\/li>\r\n<li>cz\u0119\u015b\u0107 plik\u00f3w graficznych nie ma odpowiedniego opisu dla os\u00f3b niedowidz\u0105cych.<\/li>\r\n<\/ul>\r\n\r\n\r\n\r\n<p>Wy\u0142\u0105czenia:<\/p>\r\n\r\n\r\n\r\n<ul class=\"wp-block-list\">\r\n<li>strona zosta\u0142a zaprojektowana przed wej\u015bciem w \u017cycie ustawy o dost\u0119pno\u015bci cyfrowej,<\/li>\r\n<\/ul>\r\n\r\n\r\n\r\n<p>O\u015bwiadczenie sporz\u0105dzono dnia: <span id=\"a11y-data-sporz\u0105dzenie\">2020-03-31<\/span>. Deklaracj\u0119 sporz\u0105dzono na podstawie samooceny.<\/p>\r\n\r\n\r\n\r\n<h2 class=\"wp-block-heading\" id=\"a11y-kontakt\">Informacje zwrotne i dane kontaktowe<\/h2>\r\n<p>&nbsp;<\/p>\r\n\r\n\r\n\r\n<p>W przypadku problem\u00f3w z dost\u0119pno\u015bci\u0105 strony internetowej prosimy o kontakt z dyrektorem przedszkola Pani\u0105 <span id=\"a11y-osoba\">Izabel\u0105 Werwi\u0144sk\u0105<\/span> adres email: <a href=\"mailto:p161@poznan.interklasa.pl\"><span id=\"a11y-email\">p161@poznan.interklasa.pl<\/span><\/a> Kontaktowa\u0107 mo\u017cna si\u0119 tak\u017ce dzwoni\u0105c na numer telefonu: <span id=\"a11y-telefon\">618779461<\/span>. <br>T\u0105 sam\u0105 drog\u0105 mo\u017cna sk\u0142ada\u0107 wnioski o udost\u0119pnienie informacji niedost\u0119pnej oraz sk\u0142ada\u0107 \u017c\u0105dania zapewnienia dost\u0119pno\u015bci.<\/p>\r\n\r\n\r\n\r\n<p id=\"a11y-procedura\">Ka\u017cdy ma prawo do wyst\u0105pienia z \u017c\u0105daniem zapewnienia dost\u0119pno\u015bci cyfrowej strony internetowej lub jakiego\u015b jej elementu. \u017b\u0105danie powinno zawiera\u0107 dane osoby zg\u0142aszaj\u0105cej, wskazanie, o jaki element strony internetowej chodzi oraz spos\u00f3b kontaktu zwrotnego. Je\u017celi osoba \u017c\u0105daj\u0105ca zg\u0142asza potrzeb\u0119 otrzymania informacji za pomoc\u0105 alternatywnego sposobu dost\u0119pu, powinna tak\u017ce okre\u015bli\u0107 dogodny dla niej spos\u00f3b przedstawienia tej informacji. Podmiot publiczny powinien zrealizowa\u0107 \u017c\u0105danie niezw\u0142ocznie, nie p\u00f3\u017aniej ni\u017c w ci\u0105gu 7 dni od dnia wyst\u0105pienia z \u017c\u0105daniem. Je\u017celi dotrzymanie tego terminu nie jest mo\u017cliwe, podmiot publiczny niezw\u0142ocznie informuje o tym wnosz\u0105cego \u017c\u0105danie, kiedy realizacja \u017c\u0105dania b\u0119dzie mo\u017cliwa, przy czym termin ten nie mo\u017ce by\u0107 d\u0142u\u017cszy ni\u017c 2 miesi\u0105ce od dnia wyst\u0105pienia z \u017c\u0105daniem. Je\u017celi zapewnienie dost\u0119pno\u015bci cyfrowej nie jest mo\u017cliwe, podmiot publiczny mo\u017ce zaproponowa\u0107 alternatywny spos\u00f3b dost\u0119pu do informacji. W przypadku, gdy podmiot publiczny odm\u00f3wi realizacji \u017c\u0105dania zapewnienia dost\u0119pno\u015bci lub alternatywnego sposobu dost\u0119pu do informacji, wnosz\u0105cy \u017c\u0105danie mo\u017cne z\u0142o\u017cy\u0107 skarg\u0119 w sprawie zapewniana dost\u0119pno\u015bci cyfrowej strony internetowej, aplikacji mobilnej lub elementu strony internetowej, lub aplikacji mobilnej. Po wyczerpaniu wskazanej wy\u017cej procedury mo\u017cna tak\u017ce z\u0142o\u017cy\u0107 wniosek do Rzecznika Praw Obywatelskich.<\/p>\r\n\r\n\r\n\r\n<p>Link do strony internetowej <a href=\"https:\/\/www.rpo.gov.pl\/\" target=\"_blank\" rel=\"noreferrer noopener\">Rzecznika Praw Obywatelskich<\/a>.<\/p>\r\n\r\n\r\n\r\n<h2><strong>U\u0142atwienia na stronie<\/strong><\/h2>\r\n<p>&nbsp;<\/p>\r\n\r\n\r\n\r\n<h3><strong>Strona posiada nast\u0119puj\u0105ce u\u0142atwienia:<\/strong><\/h3>\r\n\r\n\r\n\r\n<ul class=\"wp-block-list\">\r\n<li>podwy\u017cszony kontrast (czarne t\u0142o, \u017c\u00f3\u0142te litery)<\/li>\r\n<li>mo\u017cliwo\u015b\u0107 powi\u0119kszenia wielko\u015bci liter na stronie<\/li>\r\n<li>mo\u017cliwo\u015b\u0107 ustawienia strony w kolorze czarno-bia\u0142ym<\/li>\r\n<li>mo\u017cliwo\u015b\u0107 blokowania animacji na stronie<\/li>\r\n<\/ul>\r\n<p>&nbsp;<\/p>\r\n\r\n\r\n\r\n<h2 class=\"wp-block-heading\" id=\"a11y-architektura\">Dost\u0119pno\u015b\u0107 architektoniczna<\/h2>\r\n<p>&nbsp;<\/p>\r\n\r\n\r\n\r\n<ol class=\"wp-block-list\">\r\n<li>Aby wej\u015b\u0107 do budynku nale\u017cy pokona\u0107 4 stopnie (jest dost\u0119pny podjazd) oraz drzwi wej\u015bciowe z domofonem, kt\u00f3re mo\u017cna otworzy\u0107 na kod lub wybra\u0107 z klawiatury domofonu cyfr\u0119 1 i poczeka\u0107 na odebranie domofonu przez pracownika przedszkola.<\/li>\r\n<li>Po wpisaniu prawid\u0142owego kodu lub wybraniu nr 1 na domofonie i otworzeniu drzwi, nale\u017cy pokona\u0107 9 schod\u00f3w i zadzwoni\u0107 dzwonkiem do drzwi.<\/li>\r\n<li>Przedszkole znajduje si\u0119 w budynku mieszkalnym i jest jednopoziomowe, w korytarzu drzwi otwiera pracownik.<\/li>\r\n<li>Wej\u015bcie do przedszkola z barierami architektonicznymi, nieprzystosowane dla os\u00f3b z niepe\u0142nosprawno\u015bci\u0105 ruchow\u0105.<\/li>\r\n<li>Przedszkole nie posiada udogodnie\u0144 dla os\u00f3b niepe\u0142nosprawnych w postaci pochylni b\u0105d\u017a wind zewn\u0119trznych i wewn\u0119trznych, brak mo\u017cliwo\u015bci skorzystania z t\u0142umacza j\u0119zyka migowego na miejscu lub online, wej\u015bcia nie posiadaj\u0105&nbsp; g\u0142o\u015bnik\u00f3w systemu naprowadzaj\u0105cego d\u017awi\u0119kowo dla os\u00f3b niewidomych i s\u0142abowidz\u0105cych, w budynku nie ma oznacze\u0144 w alfabecie brajla ani oznacze\u0144 kontrastowych lub w druku powi\u0119kszonym dla os\u00f3b niewidomych i s\u0142abowidz\u0105cych.<\/li>\r\n<li>Toalety nie s\u0105 dostosowane dla os\u00f3b niepe\u0142nosprawnych.<\/li>\r\n<li>W odleg\u0142o\u015bci 50 m znajduje si\u0119 parking osiedlowy z wydzielony miejscem dla osoby niepe\u0142nosprawnej,<\/li>\r\n<li>Do budynku&nbsp;i wszystkich jego pomieszcze\u0144 mo\u017cna wej\u015b\u0107 z psem asystuj\u0105cym i psem przewodnikiem.<\/li>\r\n<\/ol>\r\n\r\n\r\n\r\n<h2 class=\"wp-block-heading\" id=\"a11y-aplikacje\">Aplikacje mobilne<\/h2>\r\n\r\n\r\n\r\n<ul class=\"wp-block-list\">\r\n<li>Przedszkole nr 161 nie posiada aplikacji mobilnej.<\/li>\r\n<\/ul>\r\n","protected":false},"excerpt":{"rendered":"<p>Wst\u0119p Przedszkole nr 161 Ksi\u0119cia Przemys\u0142awa w Poznaniu zobowi\u0105zuje si\u0119 zapewni\u0107 dost\u0119pno\u015b\u0107 swojej strony internetowej zgodnie z ustaw\u0105 z dnia 4 kwietnia 2019 r. o dost\u0119pno\u015bci cyfrowej stron internetowych i aplikacji mobilnych podmiot\u00f3w publicznych. O\u015bwiadczenie w sprawie dost\u0119pno\u015bci ma zastosowanie do internetowej strony Przedszkola nr 161. Data publikacji strony internetowej: 2012-10-19. Data ostatniej istotnej aktualizacji: [&hellip;]<\/p>\n","protected":false},"author":1,"featured_media":0,"parent":0,"menu_order":0,"comment_status":"closed","ping_status":"closed","template":"","meta":{"ngg_post_thumbnail":0,"footnotes":""},"class_list":["post-4838","page","type-page","status-publish","hentry"],"yoast_head":"<!-- This site is optimized with the Yoast SEO plugin v27.5 - https:\/\/yoast.com\/product\/yoast-seo-wordpress\/ -->\n<title>Deklaracja dost\u0119pno\u015bci - Przedszkole im. Ksi\u0119cia Przemys\u0142awa<\/title>\n<meta name=\"description\" content=\"Przedszkole nr 161 Ksi\u0119cia Przemys\u0142awa w Poznaniu zobowi\u0105zuje si\u0119 zapewni\u0107 dost\u0119pno\u015b\u0107 swojej strony internetowej zgodnie z ustaw\u0105 z dnia 4 kwietnia 2019 r. o dost\u0119pno\u015bci cyfrowej stron internetowych i aplikacji mobilnych podmiot\u00f3w publicznych. O\u015bwiadczenie w sprawie dost\u0119pno\u015bci ma zastosowanie do internetowej strony Przedszkola nr 161. %\" \/>\n<meta name=\"robots\" content=\"noindex, follow\" \/>\n<meta property=\"og:locale\" content=\"pl_PL\" \/>\n<meta property=\"og:type\" content=\"article\" \/>\n<meta property=\"og:title\" content=\"Deklaracja dost\u0119pno\u015bci - Przedszkole im. Ksi\u0119cia Przemys\u0142awa\" \/>\n<meta property=\"og:description\" content=\"Przedszkole nr 161 Ksi\u0119cia Przemys\u0142awa w Poznaniu zobowi\u0105zuje si\u0119 zapewni\u0107 dost\u0119pno\u015b\u0107 swojej strony internetowej zgodnie z ustaw\u0105 z dnia 4 kwietnia 2019 r. o dost\u0119pno\u015bci cyfrowej stron internetowych i aplikacji mobilnych podmiot\u00f3w publicznych. O\u015bwiadczenie w sprawie dost\u0119pno\u015bci ma zastosowanie do internetowej strony Przedszkola nr 161. %\" \/>\n<meta property=\"og:url\" content=\"https:\/\/ple161.poznan.pl\/?page_id=4838\" \/>\n<meta property=\"og:site_name\" content=\"Przedszkole im. Ksi\u0119cia Przemys\u0142awa\" \/>\n<meta property=\"article:modified_time\" content=\"2026-02-01T10:25:54+00:00\" \/>\n<meta name=\"twitter:card\" content=\"summary_large_image\" \/>\n<meta name=\"twitter:label1\" content=\"Szacowany czas czytania\" \/>\n\t<meta name=\"twitter:data1\" content=\"4 minuty\" \/>\n<script type=\"application\/ld+json\" class=\"yoast-schema-graph\">{\"@context\":\"https:\\\/\\\/schema.org\",\"@graph\":[{\"@type\":\"WebPage\",\"@id\":\"https:\\\/\\\/ple161.poznan.pl\\\/?page_id=4838\",\"url\":\"https:\\\/\\\/ple161.poznan.pl\\\/?page_id=4838\",\"name\":\"Deklaracja dost\u0119pno\u015bci - Przedszkole im. Ksi\u0119cia Przemys\u0142awa\",\"isPartOf\":{\"@id\":\"https:\\\/\\\/www.przedszkole161.pl\\\/#website\"},\"datePublished\":\"2025-02-03T14:56:36+00:00\",\"dateModified\":\"2026-02-01T10:25:54+00:00\",\"description\":\"Przedszkole nr 161 Ksi\u0119cia Przemys\u0142awa w Poznaniu zobowi\u0105zuje si\u0119 zapewni\u0107 dost\u0119pno\u015b\u0107 swojej strony internetowej zgodnie z ustaw\u0105 z dnia 4 kwietnia 2019 r. o dost\u0119pno\u015bci cyfrowej stron internetowych i aplikacji mobilnych podmiot\u00f3w publicznych. O\u015bwiadczenie w sprawie dost\u0119pno\u015bci ma zastosowanie do internetowej strony Przedszkola nr 161. %\",\"breadcrumb\":{\"@id\":\"https:\\\/\\\/ple161.poznan.pl\\\/?page_id=4838#breadcrumb\"},\"inLanguage\":\"pl-PL\",\"potentialAction\":[{\"@type\":\"ReadAction\",\"target\":[\"https:\\\/\\\/ple161.poznan.pl\\\/?page_id=4838\"]}]},{\"@type\":\"BreadcrumbList\",\"@id\":\"https:\\\/\\\/ple161.poznan.pl\\\/?page_id=4838#breadcrumb\",\"itemListElement\":[{\"@type\":\"ListItem\",\"position\":1,\"name\":\"Strona g\u0142\u00f3wna\",\"item\":\"https:\\\/\\\/www.przedszkole161.pl\\\/\"},{\"@type\":\"ListItem\",\"position\":2,\"name\":\"Deklaracja dost\u0119pno\u015bci\"}]},{\"@type\":\"WebSite\",\"@id\":\"https:\\\/\\\/www.przedszkole161.pl\\\/#website\",\"url\":\"https:\\\/\\\/www.przedszkole161.pl\\\/\",\"name\":\"Przedszkole im. Ksi\u0119cia Przemys\u0142awa 161\",\"description\":\"\",\"potentialAction\":[{\"@type\":\"SearchAction\",\"target\":{\"@type\":\"EntryPoint\",\"urlTemplate\":\"https:\\\/\\\/www.przedszkole161.pl\\\/?s={search_term_string}\"},\"query-input\":{\"@type\":\"PropertyValueSpecification\",\"valueRequired\":true,\"valueName\":\"search_term_string\"}}],\"inLanguage\":\"pl-PL\"}]}<\/script>\n<!-- \/ Yoast SEO plugin. -->","yoast_head_json":{"title":"Deklaracja dost\u0119pno\u015bci - Przedszkole im. Ksi\u0119cia Przemys\u0142awa","description":"Przedszkole nr 161 Ksi\u0119cia Przemys\u0142awa w Poznaniu zobowi\u0105zuje si\u0119 zapewni\u0107 dost\u0119pno\u015b\u0107 swojej strony internetowej zgodnie z ustaw\u0105 z dnia 4 kwietnia 2019 r. o dost\u0119pno\u015bci cyfrowej stron internetowych i aplikacji mobilnych podmiot\u00f3w publicznych. O\u015bwiadczenie w sprawie dost\u0119pno\u015bci ma zastosowanie do internetowej strony Przedszkola nr 161. %","robots":{"index":"noindex","follow":"follow"},"og_locale":"pl_PL","og_type":"article","og_title":"Deklaracja dost\u0119pno\u015bci - Przedszkole im. Ksi\u0119cia Przemys\u0142awa","og_description":"Przedszkole nr 161 Ksi\u0119cia Przemys\u0142awa w Poznaniu zobowi\u0105zuje si\u0119 zapewni\u0107 dost\u0119pno\u015b\u0107 swojej strony internetowej zgodnie z ustaw\u0105 z dnia 4 kwietnia 2019 r. o dost\u0119pno\u015bci cyfrowej stron internetowych i aplikacji mobilnych podmiot\u00f3w publicznych. O\u015bwiadczenie w sprawie dost\u0119pno\u015bci ma zastosowanie do internetowej strony Przedszkola nr 161. %","og_url":"https:\/\/ple161.poznan.pl\/?page_id=4838","og_site_name":"Przedszkole im. Ksi\u0119cia Przemys\u0142awa","article_modified_time":"2026-02-01T10:25:54+00:00","twitter_card":"summary_large_image","twitter_misc":{"Szacowany czas czytania":"4 minuty"},"schema":{"@context":"https:\/\/schema.org","@graph":[{"@type":"WebPage","@id":"https:\/\/ple161.poznan.pl\/?page_id=4838","url":"https:\/\/ple161.poznan.pl\/?page_id=4838","name":"Deklaracja dost\u0119pno\u015bci - Przedszkole im. Ksi\u0119cia Przemys\u0142awa","isPartOf":{"@id":"https:\/\/www.przedszkole161.pl\/#website"},"datePublished":"2025-02-03T14:56:36+00:00","dateModified":"2026-02-01T10:25:54+00:00","description":"Przedszkole nr 161 Ksi\u0119cia Przemys\u0142awa w Poznaniu zobowi\u0105zuje si\u0119 zapewni\u0107 dost\u0119pno\u015b\u0107 swojej strony internetowej zgodnie z ustaw\u0105 z dnia 4 kwietnia 2019 r. o dost\u0119pno\u015bci cyfrowej stron internetowych i aplikacji mobilnych podmiot\u00f3w publicznych. O\u015bwiadczenie w sprawie dost\u0119pno\u015bci ma zastosowanie do internetowej strony Przedszkola nr 161. %","breadcrumb":{"@id":"https:\/\/ple161.poznan.pl\/?page_id=4838#breadcrumb"},"inLanguage":"pl-PL","potentialAction":[{"@type":"ReadAction","target":["https:\/\/ple161.poznan.pl\/?page_id=4838"]}]},{"@type":"BreadcrumbList","@id":"https:\/\/ple161.poznan.pl\/?page_id=4838#breadcrumb","itemListElement":[{"@type":"ListItem","position":1,"name":"Strona g\u0142\u00f3wna","item":"https:\/\/www.przedszkole161.pl\/"},{"@type":"ListItem","position":2,"name":"Deklaracja dost\u0119pno\u015bci"}]},{"@type":"WebSite","@id":"https:\/\/www.przedszkole161.pl\/#website","url":"https:\/\/www.przedszkole161.pl\/","name":"Przedszkole im. Ksi\u0119cia Przemys\u0142awa 161","description":"","potentialAction":[{"@type":"SearchAction","target":{"@type":"EntryPoint","urlTemplate":"https:\/\/www.przedszkole161.pl\/?s={search_term_string}"},"query-input":{"@type":"PropertyValueSpecification","valueRequired":true,"valueName":"search_term_string"}}],"inLanguage":"pl-PL"}]}},"_links":{"self":[{"href":"https:\/\/ple161.poznan.pl\/index.php?rest_route=\/wp\/v2\/pages\/4838","targetHints":{"allow":["GET"]}}],"collection":[{"href":"https:\/\/ple161.poznan.pl\/index.php?rest_route=\/wp\/v2\/pages"}],"about":[{"href":"https:\/\/ple161.poznan.pl\/index.php?rest_route=\/wp\/v2\/types\/page"}],"author":[{"embeddable":true,"href":"https:\/\/ple161.poznan.pl\/index.php?rest_route=\/wp\/v2\/users\/1"}],"replies":[{"embeddable":true,"href":"https:\/\/ple161.poznan.pl\/index.php?rest_route=%2Fwp%2Fv2%2Fcomments&post=4838"}],"version-history":[{"count":18,"href":"https:\/\/ple161.poznan.pl\/index.php?rest_route=\/wp\/v2\/pages\/4838\/revisions"}],"predecessor-version":[{"id":11053,"href":"https:\/\/ple161.poznan.pl\/index.php?rest_route=\/wp\/v2\/pages\/4838\/revisions\/11053"}],"wp:attachment":[{"href":"https:\/\/ple161.poznan.pl\/index.php?rest_route=%2Fwp%2Fv2%2Fmedia&parent=4838"}],"curies":[{"name":"wp","href":"https:\/\/api.w.org\/{rel}","templated":true}]}}