{"id":3838,"date":"2019-09-25T05:54:26","date_gmt":"2019-09-25T04:54:26","guid":{"rendered":"http:\/\/ple161.poznan.pl\/?page_id=3838"},"modified":"2026-02-17T12:25:54","modified_gmt":"2026-02-17T11:25:54","slug":"kontakt","status":"publish","type":"page","link":"https:\/\/ple161.poznan.pl\/?page_id=3838","title":{"rendered":"Kontakt"},"content":{"rendered":"\r\n<p><strong>Przedszkole nr 161<\/strong><\/p>\r\n\r\n\r\n\r\n<p>Adres: os. Rusa 7<br \/>telefon: +48 61 877 94 61, <br \/>przedszkole@ple161.poznan.pl<\/p>\r\n<p>adres do e-Dor\u0119cze\u0144: AE:PL-82372-47825-EEVRI-29<\/p>\r\n<p><strong>Dyrektor przedszkola:<\/strong><\/p>\r\n<p>Izabela Werwi\u0144ska<\/p>\r\n\r\n\r\n\r\n<p><strong>Organ sprawuj\u0105cy nadz\u00f3r pedagogiczny: <\/strong><\/p>\r\n\r\n\r\n\r\n<p>Kuratorium O\u015bwiaty w Poznaniu ul. Ko\u015bciuszki 93, 61-716 Pozna\u0144 <br \/>tel. 61670 40 81, 780 386 001 <br \/>fax 618523169 <br \/>e-mail: kancelaria@ko.poznan.pl<\/p>\r\n\r\n\r\n\r\n<p><strong>Organ prowadz\u0105cy przedszkole:<\/strong><\/p>\r\n\r\n\r\n\r\n<p>Urz\u0105d Miasta Poznania Wydzia\u0142 O\u015bwiaty<br \/>ul. Libelta 16\/20, 61-706 Pozna\u0144<br \/>Telefon: 616463344<br \/>Faks: 618784202<br \/>e-mail: ow@um.poznan.pl<\/p>\r\n\r\n\r\n\r\n<p><strong>Bezp\u0142atna infolinia dla dzieci, m\u0142odzie\u017cy i rodzic\u00f3w<\/strong>:<br \/>Telefon: 800080222<\/p>\r\n<p><strong>Telefon zaufania Rzecznika Praw Dziecka dla dzieci i m\u0142odzie\u017cy:\u00a0 \u00a0 \u00a0 \u00a0 \u00a0 \u00a0 \u00a0 \u00a0 \u00a0 \u00a0 \u00a0 \u00a0 \u00a0 \u00a0 \u00a0 \u00a0 \u00a0 \u00a0 \u00a0 \u00a0 \u00a0 \u00a0 \u00a0 \u00a0 \u00a0 \u00a0 \u00a0 \u00a0 \u00a0 \u00a0 \u00a0 \u00a0 \u00a0 \u00a0 \u00a0 \u00a0 \u00a0 \u00a0 \u00a0 \u00a0 \u00a0 \u00a0 \u00a0 \u00a0 \u00a0 \u00a0 \u00a0 \u00a0 \u00a0 \u00a0 <\/strong>Telefon: 800121212<\/p>\r\n<p><strong>Poradnia Psychologiczno-Pedagogiczna nr 8\u00a0 Pozna\u0144 &#8211; Chartowo<br \/>Os. Rusa 56\/ D1<br \/>61 \u2013 245 Pozna\u0144\u00a0 \u00a0 \u00a0 \u00a0 \u00a0 \u00a0 \u00a0 \u00a0 \u00a0 \u00a0 \u00a0 \u00a0 \u00a0 \u00a0 \u00a0 \u00a0 \u00a0 \u00a0 \u00a0 \u00a0 \u00a0 \u00a0 \u00a0 \u00a0 \u00a0 \u00a0 \u00a0 \u00a0 \u00a0 \u00a0 \u00a0 \u00a0 \u00a0 \u00a0 \u00a0 \u00a0 \u00a0 \u00a0 \u00a0 \u00a0 \u00a0 \u00a0 \u00a0 \u00a0 \u00a0 \u00a0 \u00a0 \u00a0 \u00a0 \u00a0 \u00a0 \u00a0 \u00a0 \u00a0 \u00a0 \u00a0 \u00a0 \u00a0 \u00a0 \u00a0 \u00a0 \u00a0 \u00a0 \u00a0 \u00a0 \u00a0 \u00a0 \u00a0 \u00a0 \u00a0 \u00a0 \u00a0 \u00a0 \u00a0 \u00a0 \u00a0 \u00a0 \u00a0 \u00a0 \u00a0 \u00a0 \u00a0 \u00a0 \u00a0 \u00a0 \u00a0 \u00a0 \u00a0 \u00a0 \u00a0 \u00a0 \u00a0 \u00a0 \u00a0 \u00a0 \u00a0 \u00a0 \u00a0 \u00a0 \u00a0 \u00a0 <\/strong>Telefon: 616704039\u00a0 \u00a0 \u00a0 \u00a0 \u00a0 \u00a0 \u00a0 \u00a0 \u00a0 \u00a0 \u00a0 \u00a0 \u00a0 \u00a0 \u00a0 \u00a0 \u00a0 \u00a0 \u00a0 \u00a0 \u00a0 \u00a0 \u00a0 \u00a0 \u00a0 \u00a0 \u00a0 \u00a0 \u00a0 \u00a0 \u00a0 \u00a0 \u00a0 \u00a0 \u00a0 \u00a0 \u00a0 \u00a0 \u00a0 \u00a0 \u00a0 \u00a0 \u00a0 \u00a0 \u00a0 \u00a0 \u00a0 \u00a0 \u00a0 \u00a0 \u00a0 \u00a0 \u00a0 \u00a0 \u00a0 \u00a0 \u00a0 \u00a0 \u00a0 \u00a0 \u00a0 \u00a0 \u00a0 \u00a0 \u00a0 \u00a0 \u00a0 \u00a0 \u00a0 \u00a0 \u00a0 \u00a0 \u00a0 \u00a0 \u00a0 \u00a0 \u00a0 \u00a0 \u00a0 \u00a0 \u00a0 \u00a0 \u00a0 \u00a0 \u00a0 \u00a0 \u00a0 \u00a0 \u00a0 \u00a0 \u00a0 \u00a0 \u00a0 \u00a0 \u00a0 \u00a0 \u00a0 \u00a0 \u00a0 \u00a0 \u00a0 \u00a0 \u00a0 \u00a0 strona internetowa: www.ppp8-poznan.pl<\/p>\r\n<p>&nbsp;<\/p>\r\n","protected":false},"excerpt":{"rendered":"<p>Przedszkole nr 161 Adres: os. Rusa 7telefon: +48 61 877 94 61, przedszkole@ple161.poznan.pl adres do e-Dor\u0119cze\u0144: AE:PL-82372-47825-EEVRI-29 Dyrektor przedszkola: Izabela Werwi\u0144ska Organ sprawuj\u0105cy nadz\u00f3r pedagogiczny: Kuratorium O\u015bwiaty w Poznaniu ul. Ko\u015bciuszki 93, 61-716 Pozna\u0144 tel. 61670 40 81, 780 386 001 fax 618523169 e-mail: kancelaria@ko.poznan.pl Organ prowadz\u0105cy przedszkole: Urz\u0105d Miasta Poznania Wydzia\u0142 O\u015bwiatyul. Libelta 16\/20, [&hellip;]<\/p>\n","protected":false},"author":1,"featured_media":0,"parent":0,"menu_order":0,"comment_status":"closed","ping_status":"closed","template":"","meta":{"ngg_post_thumbnail":0,"footnotes":""},"class_list":["post-3838","page","type-page","status-publish","hentry"],"yoast_head":"<!-- This site is optimized with the Yoast SEO plugin v27.5 - https:\/\/yoast.com\/product\/yoast-seo-wordpress\/ -->\n<title>Kontakt - Przedszkole im. Ksi\u0119cia Przemys\u0142awa<\/title>\n<meta name=\"robots\" content=\"noindex, follow\" \/>\n<meta property=\"og:locale\" content=\"pl_PL\" \/>\n<meta property=\"og:type\" content=\"article\" \/>\n<meta property=\"og:title\" content=\"Kontakt - Przedszkole im. Ksi\u0119cia Przemys\u0142awa\" \/>\n<meta property=\"og:description\" content=\"Przedszkole nr 161 Adres: os. Rusa 7telefon: +48 61 877 94 61, przedszkole@ple161.poznan.pl adres do e-Dor\u0119cze\u0144: AE:PL-82372-47825-EEVRI-29 Dyrektor przedszkola: Izabela Werwi\u0144ska Organ sprawuj\u0105cy nadz\u00f3r pedagogiczny: Kuratorium O\u015bwiaty w Poznaniu ul. Ko\u015bciuszki 93, 61-716 Pozna\u0144 tel. 61670 40 81, 780 386 001 fax 618523169 e-mail: kancelaria@ko.poznan.pl Organ prowadz\u0105cy przedszkole: Urz\u0105d Miasta Poznania Wydzia\u0142 O\u015bwiatyul. Libelta 16\/20, [&hellip;]\" \/>\n<meta property=\"og:url\" content=\"https:\/\/ple161.poznan.pl\/?page_id=3838\" \/>\n<meta property=\"og:site_name\" content=\"Przedszkole im. Ksi\u0119cia Przemys\u0142awa\" \/>\n<meta property=\"article:modified_time\" content=\"2026-02-17T11:25:54+00:00\" \/>\n<meta name=\"twitter:card\" content=\"summary_large_image\" \/>\n<meta name=\"twitter:label1\" content=\"Szacowany czas czytania\" \/>\n\t<meta name=\"twitter:data1\" content=\"1 minuta\" \/>\n<script type=\"application\/ld+json\" class=\"yoast-schema-graph\">{\"@context\":\"https:\\\/\\\/schema.org\",\"@graph\":[{\"@type\":\"WebPage\",\"@id\":\"https:\\\/\\\/ple161.poznan.pl\\\/?page_id=3838\",\"url\":\"https:\\\/\\\/ple161.poznan.pl\\\/?page_id=3838\",\"name\":\"Kontakt - Przedszkole im. Ksi\u0119cia Przemys\u0142awa\",\"isPartOf\":{\"@id\":\"https:\\\/\\\/www.przedszkole161.pl\\\/#website\"},\"datePublished\":\"2019-09-25T04:54:26+00:00\",\"dateModified\":\"2026-02-17T11:25:54+00:00\",\"breadcrumb\":{\"@id\":\"https:\\\/\\\/ple161.poznan.pl\\\/?page_id=3838#breadcrumb\"},\"inLanguage\":\"pl-PL\",\"potentialAction\":[{\"@type\":\"ReadAction\",\"target\":[\"https:\\\/\\\/ple161.poznan.pl\\\/?page_id=3838\"]}]},{\"@type\":\"BreadcrumbList\",\"@id\":\"https:\\\/\\\/ple161.poznan.pl\\\/?page_id=3838#breadcrumb\",\"itemListElement\":[{\"@type\":\"ListItem\",\"position\":1,\"name\":\"Strona g\u0142\u00f3wna\",\"item\":\"https:\\\/\\\/www.przedszkole161.pl\\\/\"},{\"@type\":\"ListItem\",\"position\":2,\"name\":\"Kontakt\"}]},{\"@type\":\"WebSite\",\"@id\":\"https:\\\/\\\/www.przedszkole161.pl\\\/#website\",\"url\":\"https:\\\/\\\/www.przedszkole161.pl\\\/\",\"name\":\"Przedszkole im. Ksi\u0119cia Przemys\u0142awa 161\",\"description\":\"\",\"potentialAction\":[{\"@type\":\"SearchAction\",\"target\":{\"@type\":\"EntryPoint\",\"urlTemplate\":\"https:\\\/\\\/www.przedszkole161.pl\\\/?s={search_term_string}\"},\"query-input\":{\"@type\":\"PropertyValueSpecification\",\"valueRequired\":true,\"valueName\":\"search_term_string\"}}],\"inLanguage\":\"pl-PL\"}]}<\/script>\n<!-- \/ Yoast SEO plugin. -->","yoast_head_json":{"title":"Kontakt - Przedszkole im. Ksi\u0119cia Przemys\u0142awa","robots":{"index":"noindex","follow":"follow"},"og_locale":"pl_PL","og_type":"article","og_title":"Kontakt - Przedszkole im. Ksi\u0119cia Przemys\u0142awa","og_description":"Przedszkole nr 161 Adres: os. Rusa 7telefon: +48 61 877 94 61, przedszkole@ple161.poznan.pl adres do e-Dor\u0119cze\u0144: AE:PL-82372-47825-EEVRI-29 Dyrektor przedszkola: Izabela Werwi\u0144ska Organ sprawuj\u0105cy nadz\u00f3r pedagogiczny: Kuratorium O\u015bwiaty w Poznaniu ul. Ko\u015bciuszki 93, 61-716 Pozna\u0144 tel. 61670 40 81, 780 386 001 fax 618523169 e-mail: kancelaria@ko.poznan.pl Organ prowadz\u0105cy przedszkole: Urz\u0105d Miasta Poznania Wydzia\u0142 O\u015bwiatyul. Libelta 16\/20, [&hellip;]","og_url":"https:\/\/ple161.poznan.pl\/?page_id=3838","og_site_name":"Przedszkole im. Ksi\u0119cia Przemys\u0142awa","article_modified_time":"2026-02-17T11:25:54+00:00","twitter_card":"summary_large_image","twitter_misc":{"Szacowany czas czytania":"1 minuta"},"schema":{"@context":"https:\/\/schema.org","@graph":[{"@type":"WebPage","@id":"https:\/\/ple161.poznan.pl\/?page_id=3838","url":"https:\/\/ple161.poznan.pl\/?page_id=3838","name":"Kontakt - Przedszkole im. Ksi\u0119cia Przemys\u0142awa","isPartOf":{"@id":"https:\/\/www.przedszkole161.pl\/#website"},"datePublished":"2019-09-25T04:54:26+00:00","dateModified":"2026-02-17T11:25:54+00:00","breadcrumb":{"@id":"https:\/\/ple161.poznan.pl\/?page_id=3838#breadcrumb"},"inLanguage":"pl-PL","potentialAction":[{"@type":"ReadAction","target":["https:\/\/ple161.poznan.pl\/?page_id=3838"]}]},{"@type":"BreadcrumbList","@id":"https:\/\/ple161.poznan.pl\/?page_id=3838#breadcrumb","itemListElement":[{"@type":"ListItem","position":1,"name":"Strona g\u0142\u00f3wna","item":"https:\/\/www.przedszkole161.pl\/"},{"@type":"ListItem","position":2,"name":"Kontakt"}]},{"@type":"WebSite","@id":"https:\/\/www.przedszkole161.pl\/#website","url":"https:\/\/www.przedszkole161.pl\/","name":"Przedszkole im. Ksi\u0119cia Przemys\u0142awa 161","description":"","potentialAction":[{"@type":"SearchAction","target":{"@type":"EntryPoint","urlTemplate":"https:\/\/www.przedszkole161.pl\/?s={search_term_string}"},"query-input":{"@type":"PropertyValueSpecification","valueRequired":true,"valueName":"search_term_string"}}],"inLanguage":"pl-PL"}]}},"_links":{"self":[{"href":"https:\/\/ple161.poznan.pl\/index.php?rest_route=\/wp\/v2\/pages\/3838","targetHints":{"allow":["GET"]}}],"collection":[{"href":"https:\/\/ple161.poznan.pl\/index.php?rest_route=\/wp\/v2\/pages"}],"about":[{"href":"https:\/\/ple161.poznan.pl\/index.php?rest_route=\/wp\/v2\/types\/page"}],"author":[{"embeddable":true,"href":"https:\/\/ple161.poznan.pl\/index.php?rest_route=\/wp\/v2\/users\/1"}],"replies":[{"embeddable":true,"href":"https:\/\/ple161.poznan.pl\/index.php?rest_route=%2Fwp%2Fv2%2Fcomments&post=3838"}],"version-history":[{"count":10,"href":"https:\/\/ple161.poznan.pl\/index.php?rest_route=\/wp\/v2\/pages\/3838\/revisions"}],"predecessor-version":[{"id":11075,"href":"https:\/\/ple161.poznan.pl\/index.php?rest_route=\/wp\/v2\/pages\/3838\/revisions\/11075"}],"wp:attachment":[{"href":"https:\/\/ple161.poznan.pl\/index.php?rest_route=%2Fwp%2Fv2%2Fmedia&parent=3838"}],"curies":[{"name":"wp","href":"https:\/\/api.w.org\/{rel}","templated":true}]}}