{"id":2948,"date":"2017-06-09T19:19:00","date_gmt":"2017-06-09T18:19:00","guid":{"rendered":"http:\/\/ple161.poznan.pl\/?page_id=2948"},"modified":"2025-03-11T10:52:36","modified_gmt":"2025-03-11T09:52:36","slug":"projekty-edukacyjne","status":"publish","type":"page","link":"https:\/\/ple161.poznan.pl\/?page_id=2948","title":{"rendered":"Projekty edukacyjne"},"content":{"rendered":"<ul>\r\n<li><a href=\"https:\/\/ple161.poznan.pl\/wp-content\/uploads\/2019\/02\/Projekt-Ma\u0142a-Ojczyzna.pdf\">Moja ma\u0142a ojczyzna<\/a><\/li>\r\n<li><a href=\"https:\/\/ple161.poznan.pl\/wp-content\/uploads\/2019\/07\/ZABAWY-MUZYCZNE-W-GRUPIE-CZYLI-CZYM-ZAJ\u0104\u0106-WI\u0118KSZA-GRUP\u0118-DZIECI.pdf\">Zabawy muzyczne w grupie<\/a><\/li>\r\n<li><a href=\"https:\/\/ple161.poznan.pl\/wp-content\/uploads\/2020\/03\/Innowacja-pedagogiczna.pdf\">Programuj\u00a0 i koduj z Ksi\u0119ciem Przemys\u0142awem<\/a><\/li>\r\n<li><a href=\"https:\/\/ple161.poznan.pl\/wp-content\/uploads\/2021\/09\/PROJEKT-EDUKACYJNY-4-zywioly.pdf\">4 \u017cywio\u0142y<\/a><\/li>\r\n<li><a href=\"https:\/\/ple161.poznan.pl\/wp-content\/uploads\/2021\/12\/Maly-mis-w-swiecie-wielkiej-literatury.docx\">Ma\u0142y Mi\u015b w \u015bwiecie wielkiej literatury<\/a><\/li>\r\n<li><a href=\"https:\/\/ple161.poznan.pl\/wp-content\/uploads\/2021\/12\/Dzieci-ucza-rodzicow.docx\">Dzieci ucz\u0105 rodzic\u00f3w<\/a><\/li>\r\n<li><a href=\"https:\/\/ple161.poznan.pl\/wp-content\/uploads\/2021\/12\/Projekt-edukacyjny-Ksiazka.docx\">Ksi\u0105\u017cka<\/a><\/li>\r\n<li><a href=\"https:\/\/ple161.poznan.pl\/wp-content\/uploads\/2021\/12\/Projekt-edukacyjny-Skarby-Ziemi-1.docx\">Skarby Ziemi<\/a><\/li>\r\n<li><a href=\"https:\/\/ple161.poznan.pl\/wp-content\/uploads\/2021\/12\/Projekt-Prezenty-1.docx\">Projekt Prezenty<\/a><\/li>\r\n<li><a href=\"https:\/\/ple161.poznan.pl\/wp-content\/uploads\/2022\/02\/Projekt-1.docx\">Pieni\u0105dze<\/a><\/li>\r\n<li><a href=\"https:\/\/ple161.poznan.pl\/wp-content\/uploads\/2022\/10\/Projekt-Mamo-Tato-wole-wode.docx\">Mamo Tato wol\u0119 wod\u0119<\/a><\/li>\r\n<li><a href=\"https:\/\/ple161.poznan.pl\/wp-content\/uploads\/2022\/10\/Program-edukacyjny-Bezpieczne-Przedszkole.docx\">Program Bezpieczna Plac\u00f3wka<\/a><\/li>\r\n<li><a href=\"https:\/\/ple161.poznan.pl\/wp-content\/uploads\/2022\/12\/projekt-edukacyjny-Ukraina.docx\">Projekt Poznajemy kultur\u0119 r\u00f3\u017cnych kraj\u00f3w-Ukraina<\/a><\/li>\r\n<li><a href=\"https:\/\/ple161.poznan.pl\/wp-content\/uploads\/2023\/03\/Projekt-edukacyjny-Tydzien-Wartosci-magda-1.docx\">Tydzie\u0144 Warto\u015bci<\/a><\/li>\r\n<li><a href=\"https:\/\/ple161.poznan.pl\/wp-content\/uploads\/2023\/03\/W-terminie-od-23.docx\">Bezpiecze\u0144stwo zim\u0105<\/a><\/li>\r\n<li><a href=\"https:\/\/ple161.poznan.pl\/wp-content\/uploads\/2023\/05\/Projekt-edukacyjny-Piekno-ekosystemow.docx\">Pi\u0119kno ekosystemu<\/a><\/li>\r\n<li><a href=\"https:\/\/ple161.poznan.pl\/wp-content\/uploads\/2024\/04\/Program-Mamo-Tato-co-Wy-na-to-1.docx\">Program Mamo, Tato co Wy na to<\/a><\/li>\r\n<li><a href=\"https:\/\/ple161.poznan.pl\/wp-content\/uploads\/2024\/04\/projekt-edukacyjny-Muzyka.docx\">Projekt edukacyjny Muzyka<\/a><\/li>\r\n<li><a href=\"https:\/\/ple161.poznan.pl\/wp-content\/uploads\/2024\/04\/PROJEKT-ZAWODY.docx\">Projekt zawody<\/a><\/li>\r\n<li><a href=\"https:\/\/ple161.poznan.pl\/wp-content\/uploads\/2024\/04\/czyste-powietrze-wokol-nas.odt\">Czyste powietrze wok\u00f3\u0142 nas<\/a><\/li>\r\n<li><a href=\"https:\/\/ple161.poznan.pl\/wp-content\/uploads\/2025\/03\/Projekt-edukacyjny-Jestem-bezpieczny-w-przedszkolu.docx\">Jestem bezpieczny w przedszkolu &#8211; standardy ochrony ma\u0142oletnich<\/a><\/li>\r\n<\/ul>\r\n\r\n<p>&nbsp;<\/p>\r\n","protected":false},"excerpt":{"rendered":"<p>Moja ma\u0142a ojczyzna Zabawy muzyczne w grupie Programuj\u00a0 i koduj z Ksi\u0119ciem Przemys\u0142awem 4 \u017cywio\u0142y Ma\u0142y Mi\u015b w \u015bwiecie wielkiej literatury Dzieci ucz\u0105 rodzic\u00f3w Ksi\u0105\u017cka Skarby Ziemi Projekt Prezenty Pieni\u0105dze Mamo Tato wol\u0119 wod\u0119 Program Bezpieczna Plac\u00f3wka Projekt Poznajemy kultur\u0119 r\u00f3\u017cnych kraj\u00f3w-Ukraina Tydzie\u0144 Warto\u015bci Bezpiecze\u0144stwo zim\u0105 Pi\u0119kno ekosystemu Program Mamo, Tato co Wy na to [&hellip;]<\/p>\n","protected":false},"author":1,"featured_media":0,"parent":0,"menu_order":0,"comment_status":"closed","ping_status":"closed","template":"","meta":{"ngg_post_thumbnail":0,"footnotes":""},"class_list":["post-2948","page","type-page","status-publish","hentry"],"yoast_head":"<!-- This site is optimized with the Yoast SEO plugin v27.4 - https:\/\/yoast.com\/product\/yoast-seo-wordpress\/ -->\n<title>Projekty edukacyjne - Przedszkole im. Ksi\u0119cia Przemys\u0142awa<\/title>\n<meta name=\"robots\" content=\"noindex, follow\" \/>\n<meta property=\"og:locale\" content=\"pl_PL\" \/>\n<meta property=\"og:type\" content=\"article\" \/>\n<meta property=\"og:title\" content=\"Projekty edukacyjne - Przedszkole im. Ksi\u0119cia Przemys\u0142awa\" \/>\n<meta property=\"og:description\" content=\"Moja ma\u0142a ojczyzna Zabawy muzyczne w grupie Programuj\u00a0 i koduj z Ksi\u0119ciem Przemys\u0142awem 4 \u017cywio\u0142y Ma\u0142y Mi\u015b w \u015bwiecie wielkiej literatury Dzieci ucz\u0105 rodzic\u00f3w Ksi\u0105\u017cka Skarby Ziemi Projekt Prezenty Pieni\u0105dze Mamo Tato wol\u0119 wod\u0119 Program Bezpieczna Plac\u00f3wka Projekt Poznajemy kultur\u0119 r\u00f3\u017cnych kraj\u00f3w-Ukraina Tydzie\u0144 Warto\u015bci Bezpiecze\u0144stwo zim\u0105 Pi\u0119kno ekosystemu Program Mamo, Tato co Wy na to [&hellip;]\" \/>\n<meta property=\"og:url\" content=\"https:\/\/ple161.poznan.pl\/?page_id=2948\" \/>\n<meta property=\"og:site_name\" content=\"Przedszkole im. Ksi\u0119cia Przemys\u0142awa\" \/>\n<meta property=\"article:modified_time\" content=\"2025-03-11T09:52:36+00:00\" \/>\n<meta name=\"twitter:card\" content=\"summary_large_image\" \/>\n<meta name=\"twitter:label1\" content=\"Szacowany czas czytania\" \/>\n\t<meta name=\"twitter:data1\" content=\"1 minuta\" \/>\n<script type=\"application\/ld+json\" class=\"yoast-schema-graph\">{\"@context\":\"https:\\\/\\\/schema.org\",\"@graph\":[{\"@type\":\"WebPage\",\"@id\":\"https:\\\/\\\/ple161.poznan.pl\\\/?page_id=2948\",\"url\":\"https:\\\/\\\/ple161.poznan.pl\\\/?page_id=2948\",\"name\":\"Projekty edukacyjne - Przedszkole im. Ksi\u0119cia Przemys\u0142awa\",\"isPartOf\":{\"@id\":\"https:\\\/\\\/www.przedszkole161.pl\\\/#website\"},\"datePublished\":\"2017-06-09T18:19:00+00:00\",\"dateModified\":\"2025-03-11T09:52:36+00:00\",\"breadcrumb\":{\"@id\":\"https:\\\/\\\/ple161.poznan.pl\\\/?page_id=2948#breadcrumb\"},\"inLanguage\":\"pl-PL\",\"potentialAction\":[{\"@type\":\"ReadAction\",\"target\":[\"https:\\\/\\\/ple161.poznan.pl\\\/?page_id=2948\"]}]},{\"@type\":\"BreadcrumbList\",\"@id\":\"https:\\\/\\\/ple161.poznan.pl\\\/?page_id=2948#breadcrumb\",\"itemListElement\":[{\"@type\":\"ListItem\",\"position\":1,\"name\":\"Strona g\u0142\u00f3wna\",\"item\":\"https:\\\/\\\/www.przedszkole161.pl\\\/\"},{\"@type\":\"ListItem\",\"position\":2,\"name\":\"Projekty edukacyjne\"}]},{\"@type\":\"WebSite\",\"@id\":\"https:\\\/\\\/www.przedszkole161.pl\\\/#website\",\"url\":\"https:\\\/\\\/www.przedszkole161.pl\\\/\",\"name\":\"Przedszkole im. Ksi\u0119cia Przemys\u0142awa 161\",\"description\":\"\",\"potentialAction\":[{\"@type\":\"SearchAction\",\"target\":{\"@type\":\"EntryPoint\",\"urlTemplate\":\"https:\\\/\\\/www.przedszkole161.pl\\\/?s={search_term_string}\"},\"query-input\":{\"@type\":\"PropertyValueSpecification\",\"valueRequired\":true,\"valueName\":\"search_term_string\"}}],\"inLanguage\":\"pl-PL\"}]}<\/script>\n<!-- \/ Yoast SEO plugin. -->","yoast_head_json":{"title":"Projekty edukacyjne - Przedszkole im. Ksi\u0119cia Przemys\u0142awa","robots":{"index":"noindex","follow":"follow"},"og_locale":"pl_PL","og_type":"article","og_title":"Projekty edukacyjne - Przedszkole im. Ksi\u0119cia Przemys\u0142awa","og_description":"Moja ma\u0142a ojczyzna Zabawy muzyczne w grupie Programuj\u00a0 i koduj z Ksi\u0119ciem Przemys\u0142awem 4 \u017cywio\u0142y Ma\u0142y Mi\u015b w \u015bwiecie wielkiej literatury Dzieci ucz\u0105 rodzic\u00f3w Ksi\u0105\u017cka Skarby Ziemi Projekt Prezenty Pieni\u0105dze Mamo Tato wol\u0119 wod\u0119 Program Bezpieczna Plac\u00f3wka Projekt Poznajemy kultur\u0119 r\u00f3\u017cnych kraj\u00f3w-Ukraina Tydzie\u0144 Warto\u015bci Bezpiecze\u0144stwo zim\u0105 Pi\u0119kno ekosystemu Program Mamo, Tato co Wy na to [&hellip;]","og_url":"https:\/\/ple161.poznan.pl\/?page_id=2948","og_site_name":"Przedszkole im. Ksi\u0119cia Przemys\u0142awa","article_modified_time":"2025-03-11T09:52:36+00:00","twitter_card":"summary_large_image","twitter_misc":{"Szacowany czas czytania":"1 minuta"},"schema":{"@context":"https:\/\/schema.org","@graph":[{"@type":"WebPage","@id":"https:\/\/ple161.poznan.pl\/?page_id=2948","url":"https:\/\/ple161.poznan.pl\/?page_id=2948","name":"Projekty edukacyjne - Przedszkole im. Ksi\u0119cia Przemys\u0142awa","isPartOf":{"@id":"https:\/\/www.przedszkole161.pl\/#website"},"datePublished":"2017-06-09T18:19:00+00:00","dateModified":"2025-03-11T09:52:36+00:00","breadcrumb":{"@id":"https:\/\/ple161.poznan.pl\/?page_id=2948#breadcrumb"},"inLanguage":"pl-PL","potentialAction":[{"@type":"ReadAction","target":["https:\/\/ple161.poznan.pl\/?page_id=2948"]}]},{"@type":"BreadcrumbList","@id":"https:\/\/ple161.poznan.pl\/?page_id=2948#breadcrumb","itemListElement":[{"@type":"ListItem","position":1,"name":"Strona g\u0142\u00f3wna","item":"https:\/\/www.przedszkole161.pl\/"},{"@type":"ListItem","position":2,"name":"Projekty edukacyjne"}]},{"@type":"WebSite","@id":"https:\/\/www.przedszkole161.pl\/#website","url":"https:\/\/www.przedszkole161.pl\/","name":"Przedszkole im. Ksi\u0119cia Przemys\u0142awa 161","description":"","potentialAction":[{"@type":"SearchAction","target":{"@type":"EntryPoint","urlTemplate":"https:\/\/www.przedszkole161.pl\/?s={search_term_string}"},"query-input":{"@type":"PropertyValueSpecification","valueRequired":true,"valueName":"search_term_string"}}],"inLanguage":"pl-PL"}]}},"_links":{"self":[{"href":"https:\/\/ple161.poznan.pl\/index.php?rest_route=\/wp\/v2\/pages\/2948","targetHints":{"allow":["GET"]}}],"collection":[{"href":"https:\/\/ple161.poznan.pl\/index.php?rest_route=\/wp\/v2\/pages"}],"about":[{"href":"https:\/\/ple161.poznan.pl\/index.php?rest_route=\/wp\/v2\/types\/page"}],"author":[{"embeddable":true,"href":"https:\/\/ple161.poznan.pl\/index.php?rest_route=\/wp\/v2\/users\/1"}],"replies":[{"embeddable":true,"href":"https:\/\/ple161.poznan.pl\/index.php?rest_route=%2Fwp%2Fv2%2Fcomments&post=2948"}],"version-history":[{"count":28,"href":"https:\/\/ple161.poznan.pl\/index.php?rest_route=\/wp\/v2\/pages\/2948\/revisions"}],"predecessor-version":[{"id":10358,"href":"https:\/\/ple161.poznan.pl\/index.php?rest_route=\/wp\/v2\/pages\/2948\/revisions\/10358"}],"wp:attachment":[{"href":"https:\/\/ple161.poznan.pl\/index.php?rest_route=%2Fwp%2Fv2%2Fmedia&parent=2948"}],"curies":[{"name":"wp","href":"https:\/\/api.w.org\/{rel}","templated":true}]}}